{"id":14280,"date":"2025-07-18T13:06:51","date_gmt":"2025-07-18T11:06:51","guid":{"rendered":"https:\/\/www.immobiliareccfs.it\/wordpress\/?page_id=14280"},"modified":"2025-07-29T14:27:11","modified_gmt":"2025-07-29T12:27:11","slug":"societa-2-3","status":"publish","type":"page","link":"https:\/\/www.immobiliareccfs.it\/wordpress\/societa-2-3\/","title":{"rendered":"Informativa Contatti CCFS"},"content":{"rendered":"<p>[vc_row][vc_column][vc_column_text]<\/p>\n<h3><strong><u>Informazioni: <\/u><\/strong><\/h3>\n<p>[\/vc_column_text][vc_column_text]Soggetti Interessati: utenti sezione informazioni<\/p>\n<p>In conformit\u00e0 agli artt.13.14 del Regolamento Europeo 2016\/679. La informiamo che CCFS Immobiliare Spa (con sede legale in via Meuccio Ruini, 74L \u2013 42124 \u2013 Reggio Emilia, privacyccfsimmobiliare@ccfs.it) nella persona del legale rappresentante pro-tempore in qualit\u00e0 di Titolare, tratta elettronicamente i Suoi dati (es nome e cognome, indirizzo e-mail, telefono) per rispondere alle sue richieste. Il conferimento dei dati per la gestione del servizio di contatti \u00e8 facoltativo, ma si rende necessario per l\u2019esecuzione del contratto ex Art. 6.1.b).<\/p>\n<p>I suoi dati personali saranno trattati con modalit\u00e0 manuali, elettroniche e\/o telematiche, mediante l\u2019utilizzo di cookie (come indicato nella cookie policy disponibile sul sito), a mezzo di calcolatori elettronici con utilizzo di software di terze parti e modalit\u00e0 automatizzate di contatto (e-mail, SMS, contatto telefonico, ecc.) nel rispetto delle modalit\u00e0 di cui agli artt. 6, 32 del GDPR e mediante l&#8217;adozione delle adeguate misure di sicurezza previste.\u2028Il Titolare per confrontare ed eventualmente migliorare i risultati delle comunicazioni, utilizza sistemi per invio di newsletter e comunicazioni promozionali con report.<\/p>\n<p>I suoi dati saranno trattati da personale opportunamente incaricato e saranno comunicati all\u2019esterno a societ\u00e0 che agiscono in qualit\u00e0 di autonomo Titolare o Responsabile del trattamento:<br \/>\n\u2022\u00a0\u00a0\u00a0\u00a0\u00a0\u00a0\u00a0\u00a0\u00a0 soggetti esterni che forniscono servizi in cloud;<br \/>\n\u2022\u00a0\u00a0\u00a0\u00a0\u00a0\u00a0\u00a0\u00a0\u00a0 fornitori di servizi di assistenza tecnica;<br \/>\n\u2022\u00a0\u00a0\u00a0\u00a0\u00a0\u00a0\u00a0\u00a0\u00a0 societ\u00e0 del gruppo che forniscono i servizi per la gestione del sistema informatico, ivi inclusi i servizi di hosting dei server e di backup;<br \/>\n\u2022\u00a0\u00a0\u00a0\u00a0\u00a0\u00a0\u00a0\u00a0\u00a0 nell&#8217;ambito di soggetti pubblici e\/o privati per i quali la comunicazione dei dati \u00e8 obbligatoria o necessaria in adempimento ad obblighi di legge o sia comunque funzionale all&#8217;amministrazione del rapporto. I Suoi dati potranno, inoltre, essere visualizzati anche dalla societ\u00e0 che gestisce il sito web limitatamente agli accessi tecnici per esigenze di manutenzione e gestione del server web. L\u2019elenco completo pu\u00f2 essere richiesto scrivendo ai recapiti del Titolare.<\/p>\n<p>I suoi dati non saranno diffusi.<\/p>\n<p>Per l&#8217;invio delle comunicazioni aziendali i suoi dati sono trasferiti verso paesi appartenenti all\u2019Unione Europea: tale trasferimento \u00e8 in ogni caso legittimo in quanto garantito dalla sussistenza di decisioni di adeguatezza emesse dalla Commissione Europea e\/o di clausole tipo di protezione sulla base dei modelli adottati dalla Commissione Europea ai sensi dell\u2019art. 46 del GDPR.<br \/>\nLei potr\u00e0 richiedere al Titolare la copia delle misure di salvaguardia adottate per il trasferimento extra UE dei Suoi dati personali, nonch\u00e9 l\u2019informazione sui luoghi ove le stesse sono state rese disponibili, formulando una specifica richiesta al Titolare tramite l\u2019indirizzo e-mail privacyccfsimmobiliare@ccfs.it<br \/>\nLe segnaliamo che, nel rispetto dei principi di liceit\u00e0, limitazione delle finalit\u00e0 e minimizzazione dei dati, ai sensi dell\u2019art. 5 del GDPR, il periodo di conservazione dei Suoi dati personali \u00e8 stabilito per un arco di tempo non superiore all&#8217;espletamento dei servizi erogati e per finalit\u00e0 di marketing. I suoi dati saranno conservati per i tempi necessari per l\u2019erogazione del servizio da Lei richiesto e per la finalit\u00e0 di marketing fino a quando Lei non decider\u00e0 di cancellare la sua iscrizione al servizio, opporsi al trattamento oppure sino a quando manifesta interesse nella ricezione delle comunicazioni.<br \/>\nIl Titolare del trattamento \u00e8 Il Titolare del trattamento \u00e8 CCFS Immobiliare Spa (con sede legale in via Meuccio Ruini, 74L \u2013 42124 \u2013 Reggio Emilia, privacyccfsimmobiliare@ccfs.it) nella persona del legale rappresentante pro-tempore.<br \/>\nLei ha diritto di ottenere dal Titolare la cancellazione (diritto all&#8217;oblio), la limitazione, l&#8217;aggiornamento, la rettificazione, la portabilit\u00e0, l&#8217;opposizione al trattamento dei dati personali che La riguardano, nonch\u00e9 in generale pu\u00f2 esercitare tutti i diritti previsti dagli artt. 15 e seguenti del Regolamento Europeo 2016\/679 scrivendo privacyccfsimmobiliare@ccfs.it.<br \/>\nL\u2019interessato ha il diritto di proporre reclamo all\u2019Autorit\u00e0 di controllo<\/p>\n<p>Reg.to UE 2016\/679: Artt. 15, 16, 17, 18, 19, 20, 21, 22 &#8211; Diritti dell&#8217;Interessato<br \/>\n1. L&#8217;interessato ha diritto di ottenere la conferma dell&#8217;esistenza o meno di dati personali che lo riguardano, anche se non ancora registrati, e la<br \/>\nloro comunicazione in forma intelligibile e la possibilit\u00e0 di effettuare reclamo presso l\u2019Autorit\u00e0 di controllo<br \/>\n2. L&#8217;interessato ha diritto di ottenere l&#8217;indicazione:<br \/>\na)\u00a0\u00a0\u00a0\u00a0 dell&#8217;origine dei dati personali;<br \/>\nb)\u00a0\u00a0\u00a0\u00a0 delle finalit\u00e0 e modalit\u00e0 del trattamento;<br \/>\nc)\u00a0\u00a0\u00a0\u00a0 della logica applicata in caso di trattamento effettuato con l&#8217;ausilio di strumenti elettronici;<br \/>\nd)\u00a0\u00a0\u00a0\u00a0 degli estremi identificativi del titolare, dei responsabili e del rappresentante designato ai sensi dell&#8217;articolo 5, comma 2;<br \/>\ne)\u00a0\u00a0\u00a0\u00a0 dei soggetti o delle categorie di soggetti ai quali i dati personali possono essere comunicati o che possono venirne a conoscenza in qualit\u00e0 di rappresentante designato nel territorio dello Stato, di responsabili o personale autorizzato al trattamento dei dati personali.<br \/>\n3. L&#8217;interessato ha diritto di ottenere:<br \/>\na)\u00a0\u00a0\u00a0\u00a0 l&#8217;aggiornamento, la rettificazione ovvero, quando vi ha interesse, l&#8217;integrazione dei dati;<br \/>\nb)\u00a0\u00a0\u00a0\u00a0 la cancellazione, la trasformazione in forma anonima o il blocco dei dati trattati in violazione di legge, compresi quelli di cui non \u00e8 necessaria la conservazione in relazione agli scopi per i quali i dati sono stati raccolti o successivamente trattati;<br \/>\nc)\u00a0\u00a0\u00a0\u00a0 l&#8217;attestazione che le operazioni di cui alle lettere a) e b) sono state portate a conoscenza, anche per quanto riguarda il loro contenuto, di coloro ai quali i dati sono stati comunicati o diffusi, eccettuato il caso in cui tale adempimento si rivela impossibile o comporta un impiego di mezzi manifestamente sproporzionato rispetto al diritto tutelato;<br \/>\nd)\u00a0\u00a0\u00a0\u00a0 la portabilit\u00e0 dei dati.<br \/>\n4. L&#8217;interessato ha diritto di opporsi, in tutto o in parte:<br \/>\na)\u00a0\u00a0\u00a0\u00a0 per motivi legittimi al trattamento dei dati personali che lo riguardano, ancorch\u00e9 pertinenti allo scopo della raccolta;<br \/>\nb)\u00a0\u00a0\u00a0\u00a0 al trattamento di dati personali che lo riguardano a fini di invio di materiale pubblicitario o di vendita diretta o per il compimento di ricerche di mercato o di comunicazione commerciale[\/vc_column_text][\/vc_column][\/vc_row][vc_row][vc_column][vc_column_text]<\/p>\n","protected":false},"excerpt":{"rendered":"[vc_row][vc_column][vc_column_text] Informazioni: [\/vc_column_text][vc_column_text]Soggetti Interessati: utenti sezione informazioni In conformit\u00e0 agli artt.13.14 del Regolamento Europeo 2016\/679. La informiamo che CCFS Immobiliare Spa (con sede legale in via Meuccio Ruini, 74L \u2013 42124 \u2013 Reggio Emilia, privacyccfsimmobiliare@ccfs.it) nella persona del legale rappresentante pro-tempore in qualit\u00e0 di Titolare, tratta elettronicamente i Suoi dati (es nome e cognome, indirizzo&#8230;","protected":false},"author":1,"featured_media":0,"parent":0,"menu_order":0,"comment_status":"closed","ping_status":"closed","template":"","meta":{"footnotes":""},"class_list":["post-14280","page","type-page","status-publish","hentry"],"yoast_head":"<!-- This site is optimized with the Yoast SEO plugin v26.7 - https:\/\/yoast.com\/wordpress\/plugins\/seo\/ -->\n<title>Informativa Contatti CCFS - Immobiliare CCFS<\/title>\n<meta name=\"robots\" content=\"index, follow, max-snippet:-1, max-image-preview:large, max-video-preview:-1\" \/>\n<link rel=\"canonical\" href=\"https:\/\/www.immobiliareccfs.it\/wordpress\/societa-2-3\/\" \/>\n<meta property=\"og:locale\" content=\"it_IT\" \/>\n<meta property=\"og:type\" content=\"article\" \/>\n<meta property=\"og:title\" content=\"Informativa Contatti CCFS - Immobiliare CCFS\" \/>\n<meta property=\"og:description\" content=\"[vc_row][vc_column][vc_column_text] Informazioni: [\/vc_column_text][vc_column_text]Soggetti Interessati: utenti sezione informazioni In conformit\u00e0 agli artt.13.14 del Regolamento Europeo 2016\/679. La informiamo che CCFS Immobiliare Spa (con sede legale in via Meuccio Ruini, 74L \u2013 42124 \u2013 Reggio Emilia, privacyccfsimmobiliare@ccfs.it) nella persona del legale rappresentante pro-tempore in qualit\u00e0 di Titolare, tratta elettronicamente i Suoi dati (es nome e cognome, indirizzo...\" \/>\n<meta property=\"og:url\" content=\"https:\/\/www.immobiliareccfs.it\/wordpress\/societa-2-3\/\" \/>\n<meta property=\"og:site_name\" content=\"Immobiliare CCFS\" \/>\n<meta property=\"article:modified_time\" content=\"2025-07-29T12:27:11+00:00\" \/>\n<meta name=\"twitter:card\" content=\"summary_large_image\" \/>\n<meta name=\"twitter:label1\" content=\"Tempo di lettura stimato\" \/>\n\t<meta name=\"twitter:data1\" content=\"5 minuti\" \/>\n<script type=\"application\/ld+json\" class=\"yoast-schema-graph\">{\"@context\":\"https:\/\/schema.org\",\"@graph\":[{\"@type\":\"WebPage\",\"@id\":\"https:\/\/www.immobiliareccfs.it\/wordpress\/societa-2-3\/\",\"url\":\"https:\/\/www.immobiliareccfs.it\/wordpress\/societa-2-3\/\",\"name\":\"Informativa Contatti CCFS - Immobiliare CCFS\",\"isPartOf\":{\"@id\":\"http:\/\/www.immobiliareccfs.it\/wordpress\/#website\"},\"datePublished\":\"2025-07-18T11:06:51+00:00\",\"dateModified\":\"2025-07-29T12:27:11+00:00\",\"breadcrumb\":{\"@id\":\"https:\/\/www.immobiliareccfs.it\/wordpress\/societa-2-3\/#breadcrumb\"},\"inLanguage\":\"it-IT\",\"potentialAction\":[{\"@type\":\"ReadAction\",\"target\":[\"https:\/\/www.immobiliareccfs.it\/wordpress\/societa-2-3\/\"]}]},{\"@type\":\"BreadcrumbList\",\"@id\":\"https:\/\/www.immobiliareccfs.it\/wordpress\/societa-2-3\/#breadcrumb\",\"itemListElement\":[{\"@type\":\"ListItem\",\"position\":1,\"name\":\"Home\",\"item\":\"http:\/\/www.immobiliareccfs.it\/wordpress\/\"},{\"@type\":\"ListItem\",\"position\":2,\"name\":\"Informativa Contatti CCFS\"}]},{\"@type\":\"WebSite\",\"@id\":\"http:\/\/www.immobiliareccfs.it\/wordpress\/#website\",\"url\":\"http:\/\/www.immobiliareccfs.it\/wordpress\/\",\"name\":\"ImmobiliareCCFS\",\"description\":\"\",\"publisher\":{\"@id\":\"http:\/\/www.immobiliareccfs.it\/wordpress\/#organization\"},\"potentialAction\":[{\"@type\":\"SearchAction\",\"target\":{\"@type\":\"EntryPoint\",\"urlTemplate\":\"http:\/\/www.immobiliareccfs.it\/wordpress\/?s={search_term_string}\"},\"query-input\":{\"@type\":\"PropertyValueSpecification\",\"valueRequired\":true,\"valueName\":\"search_term_string\"}}],\"inLanguage\":\"it-IT\"},{\"@type\":\"Organization\",\"@id\":\"http:\/\/www.immobiliareccfs.it\/wordpress\/#organization\",\"name\":\"Immobiliare CCFS\",\"url\":\"http:\/\/www.immobiliareccfs.it\/wordpress\/\",\"logo\":{\"@type\":\"ImageObject\",\"inLanguage\":\"it-IT\",\"@id\":\"http:\/\/www.immobiliareccfs.it\/wordpress\/#\/schema\/logo\/image\/\",\"url\":\"https:\/\/www.immobiliareccfs.it\/wordpress\/wp-content\/uploads\/2018\/05\/Logo-imm-ok.jpg\",\"contentUrl\":\"https:\/\/www.immobiliareccfs.it\/wordpress\/wp-content\/uploads\/2018\/05\/Logo-imm-ok.jpg\",\"width\":140,\"height\":105,\"caption\":\"Immobiliare CCFS\"},\"image\":{\"@id\":\"http:\/\/www.immobiliareccfs.it\/wordpress\/#\/schema\/logo\/image\/\"}}]}<\/script>\n<!-- \/ Yoast SEO plugin. -->","yoast_head_json":{"title":"Informativa Contatti CCFS - Immobiliare CCFS","robots":{"index":"index","follow":"follow","max-snippet":"max-snippet:-1","max-image-preview":"max-image-preview:large","max-video-preview":"max-video-preview:-1"},"canonical":"https:\/\/www.immobiliareccfs.it\/wordpress\/societa-2-3\/","og_locale":"it_IT","og_type":"article","og_title":"Informativa Contatti CCFS - Immobiliare CCFS","og_description":"[vc_row][vc_column][vc_column_text] Informazioni: [\/vc_column_text][vc_column_text]Soggetti Interessati: utenti sezione informazioni In conformit\u00e0 agli artt.13.14 del Regolamento Europeo 2016\/679. La informiamo che CCFS Immobiliare Spa (con sede legale in via Meuccio Ruini, 74L \u2013 42124 \u2013 Reggio Emilia, privacyccfsimmobiliare@ccfs.it) nella persona del legale rappresentante pro-tempore in qualit\u00e0 di Titolare, tratta elettronicamente i Suoi dati (es nome e cognome, indirizzo...","og_url":"https:\/\/www.immobiliareccfs.it\/wordpress\/societa-2-3\/","og_site_name":"Immobiliare CCFS","article_modified_time":"2025-07-29T12:27:11+00:00","twitter_card":"summary_large_image","twitter_misc":{"Tempo di lettura stimato":"5 minuti"},"schema":{"@context":"https:\/\/schema.org","@graph":[{"@type":"WebPage","@id":"https:\/\/www.immobiliareccfs.it\/wordpress\/societa-2-3\/","url":"https:\/\/www.immobiliareccfs.it\/wordpress\/societa-2-3\/","name":"Informativa Contatti CCFS - Immobiliare CCFS","isPartOf":{"@id":"http:\/\/www.immobiliareccfs.it\/wordpress\/#website"},"datePublished":"2025-07-18T11:06:51+00:00","dateModified":"2025-07-29T12:27:11+00:00","breadcrumb":{"@id":"https:\/\/www.immobiliareccfs.it\/wordpress\/societa-2-3\/#breadcrumb"},"inLanguage":"it-IT","potentialAction":[{"@type":"ReadAction","target":["https:\/\/www.immobiliareccfs.it\/wordpress\/societa-2-3\/"]}]},{"@type":"BreadcrumbList","@id":"https:\/\/www.immobiliareccfs.it\/wordpress\/societa-2-3\/#breadcrumb","itemListElement":[{"@type":"ListItem","position":1,"name":"Home","item":"http:\/\/www.immobiliareccfs.it\/wordpress\/"},{"@type":"ListItem","position":2,"name":"Informativa Contatti CCFS"}]},{"@type":"WebSite","@id":"http:\/\/www.immobiliareccfs.it\/wordpress\/#website","url":"http:\/\/www.immobiliareccfs.it\/wordpress\/","name":"ImmobiliareCCFS","description":"","publisher":{"@id":"http:\/\/www.immobiliareccfs.it\/wordpress\/#organization"},"potentialAction":[{"@type":"SearchAction","target":{"@type":"EntryPoint","urlTemplate":"http:\/\/www.immobiliareccfs.it\/wordpress\/?s={search_term_string}"},"query-input":{"@type":"PropertyValueSpecification","valueRequired":true,"valueName":"search_term_string"}}],"inLanguage":"it-IT"},{"@type":"Organization","@id":"http:\/\/www.immobiliareccfs.it\/wordpress\/#organization","name":"Immobiliare CCFS","url":"http:\/\/www.immobiliareccfs.it\/wordpress\/","logo":{"@type":"ImageObject","inLanguage":"it-IT","@id":"http:\/\/www.immobiliareccfs.it\/wordpress\/#\/schema\/logo\/image\/","url":"https:\/\/www.immobiliareccfs.it\/wordpress\/wp-content\/uploads\/2018\/05\/Logo-imm-ok.jpg","contentUrl":"https:\/\/www.immobiliareccfs.it\/wordpress\/wp-content\/uploads\/2018\/05\/Logo-imm-ok.jpg","width":140,"height":105,"caption":"Immobiliare CCFS"},"image":{"@id":"http:\/\/www.immobiliareccfs.it\/wordpress\/#\/schema\/logo\/image\/"}}]}},"_links":{"self":[{"href":"https:\/\/www.immobiliareccfs.it\/wordpress\/wp-json\/wp\/v2\/pages\/14280","targetHints":{"allow":["GET"]}}],"collection":[{"href":"https:\/\/www.immobiliareccfs.it\/wordpress\/wp-json\/wp\/v2\/pages"}],"about":[{"href":"https:\/\/www.immobiliareccfs.it\/wordpress\/wp-json\/wp\/v2\/types\/page"}],"author":[{"embeddable":true,"href":"https:\/\/www.immobiliareccfs.it\/wordpress\/wp-json\/wp\/v2\/users\/1"}],"replies":[{"embeddable":true,"href":"https:\/\/www.immobiliareccfs.it\/wordpress\/wp-json\/wp\/v2\/comments?post=14280"}],"version-history":[{"count":3,"href":"https:\/\/www.immobiliareccfs.it\/wordpress\/wp-json\/wp\/v2\/pages\/14280\/revisions"}],"predecessor-version":[{"id":14347,"href":"https:\/\/www.immobiliareccfs.it\/wordpress\/wp-json\/wp\/v2\/pages\/14280\/revisions\/14347"}],"wp:attachment":[{"href":"https:\/\/www.immobiliareccfs.it\/wordpress\/wp-json\/wp\/v2\/media?parent=14280"}],"curies":[{"name":"wp","href":"https:\/\/api.w.org\/{rel}","templated":true}]}}